{"id":12206,"date":"2019-08-14T12:55:14","date_gmt":"2019-08-14T10:55:14","guid":{"rendered":"https:\/\/ced.edu.pl\/brodnica\/?page_id=12206"},"modified":"2022-06-02T14:46:55","modified_gmt":"2022-06-02T12:46:55","slug":"galeria","status":"publish","type":"page","link":"https:\/\/ced.edu.pl\/brodnica\/galeria\/","title":{"rendered":"Galeria"},"content":{"rendered":"\t\t<div data-elementor-type=\"wp-post\" data-elementor-id=\"12206\" class=\"elementor elementor-12206\">\n\t\t\t\t\t\t<div class=\"elementor-inner\">\n\t\t\t\t<div class=\"elementor-section-wrap\">\n\t\t\t\t\t\t\t\t\t<section class=\"elementor-section elementor-top-section elementor-element elementor-element-4e22514b elementor-section-boxed elementor-section-height-default elementor-section-height-default\" data-id=\"4e22514b\" data-element_type=\"section\" data-settings=\"{&quot;jet_parallax_layout_list&quot;:[{&quot;jet_parallax_layout_image&quot;:{&quot;url&quot;:&quot;&quot;,&quot;id&quot;:&quot;&quot;},&quot;_id&quot;:&quot;bb3b9c6&quot;,&quot;jet_parallax_layout_image_tablet&quot;:{&quot;url&quot;:&quot;&quot;,&quot;id&quot;:&quot;&quot;},&quot;jet_parallax_layout_image_mobile&quot;:{&quot;url&quot;:&quot;&quot;,&quot;id&quot;:&quot;&quot;},&quot;jet_parallax_layout_speed&quot;:{&quot;unit&quot;:&quot;%&quot;,&quot;size&quot;:50,&quot;sizes&quot;:[]},&quot;jet_parallax_layout_type&quot;:&quot;scroll&quot;,&quot;jet_parallax_layout_direction&quot;:null,&quot;jet_parallax_layout_fx_direction&quot;:null,&quot;jet_parallax_layout_z_index&quot;:&quot;&quot;,&quot;jet_parallax_layout_bg_x&quot;:50,&quot;jet_parallax_layout_bg_x_tablet&quot;:&quot;&quot;,&quot;jet_parallax_layout_bg_x_mobile&quot;:&quot;&quot;,&quot;jet_parallax_layout_bg_y&quot;:50,&quot;jet_parallax_layout_bg_y_tablet&quot;:&quot;&quot;,&quot;jet_parallax_layout_bg_y_mobile&quot;:&quot;&quot;,&quot;jet_parallax_layout_bg_size&quot;:&quot;auto&quot;,&quot;jet_parallax_layout_bg_size_tablet&quot;:&quot;&quot;,&quot;jet_parallax_layout_bg_size_mobile&quot;:&quot;&quot;,&quot;jet_parallax_layout_animation_prop&quot;:&quot;transform&quot;,&quot;jet_parallax_layout_on&quot;:[&quot;desktop&quot;,&quot;tablet&quot;]}]}\">\n\t\t\t\t\t\t<div class=\"elementor-container elementor-column-gap-default\">\n\t\t\t\t\t\t\t<div class=\"elementor-row\">\n\t\t\t\t\t<div class=\"elementor-column elementor-col-100 elementor-top-column elementor-element elementor-element-416466ba\" data-id=\"416466ba\" data-element_type=\"column\">\n\t\t\t<div class=\"elementor-column-wrap elementor-element-populated\">\n\t\t\t\t\t\t\t<div class=\"elementor-widget-wrap\">\n\t\t\t\t\t\t<div class=\"elementor-element elementor-element-60cf1915 elementor-widget elementor-widget-dt-portfolio-listing\" data-id=\"60cf1915\" data-element_type=\"widget\" data-widget_type=\"dt-portfolio-listing.default\">\n\t\t\t\t<div class=\"elementor-widget-container\">\n\t\t\t<div class=\"dtportfolio-container-wrapper dtportfolio-without-fullwidth-wrapper\"><div class=\"dtportfolio-container with-space dtportfolio-container-resetter\" data-column=\"3\" data-postperpage=\"-1\"><div class=\"dtportfolio-grid-sizer     dtportfolio-one-third\"><\/div><div class=\"default with-space  dtportfolio-item dtportfolio-column dtportfolio-one-third dtportfolio-hover-minimal-icons first\" ><figure><img decoding=\"async\" src=\"https:\/\/place-hold.it\/1170x902.jpg&#038;text=TRWA_NAB\u00d3R!&#038;fontsize=30\" alt=\"TRWA NAB\u00d3R!\" title=\"TRWA NAB\u00d3R!\" \/><div class=\"dtportfolio-image-overlay \"  ><div class=\"links\">\r\n\t\t\t\t\t\t\t<a title=\"TRWA NAB\u00d3R!\" href=\"https:\/\/ced.edu.pl\/brodnica\/portfolios\/trwa-nabor\/\"> <span class=\"fas fa-link\"> <\/span> <\/a>\r\n\t\t\t\t\t\t\t<a title=\"TRWA NAB\u00d3R!\" data-gal=\"prettyPhoto[dtgallery]\" href=\"https:\/\/place-hold.it\/1170x902.jpg&#038;text=TRWA_NAB\u00d3R!&#038;fontsize=30\"> <span class=\"fas fa-search\"> <\/span> <\/a>\r\n\t\t\t\t\t\t<\/div>\r\n\t\t\t\t\t\t<div class=\"dtportfolio-image-overlay-details\">\r\n\t\t\t\t\t\t\t<h2><a href=\"https:\/\/ced.edu.pl\/brodnica\/portfolios\/trwa-nabor\/\" title=\"TRWA NAB\u00d3R!\">TRWA NAB\u00d3R!<\/a><\/h2><\/div><\/div><\/figure><\/div><div class=\"default with-space  dtportfolio-item dtportfolio-column dtportfolio-one-third dtportfolio-hover-minimal-icons\" ><figure><img decoding=\"async\" src=\"https:\/\/ced.edu.pl\/brodnica\/wp-content\/uploads\/sites\/3\/2024\/07\/Podziekowanie-e1757419916934.jpg\" alt=\"Uda\u0142o nam si\u0119 \u015bwi\u0119towa\u0107 wraz z rodzinami \u00a028 lat istnienia CED.\u00a0 Rozpiera nas duma i rado\u015b\u0107 z tego faktu.\" title=\"Uda\u0142o nam si\u0119 \u015bwi\u0119towa\u0107 wraz z rodzinami \u00a028 lat istnienia CED.\u00a0 Rozpiera nas duma i rado\u015b\u0107 z tego faktu.\" \/><div class=\"dtportfolio-image-overlay \"  ><div class=\"links\">\r\n\t\t\t\t\t\t\t<a title=\"Uda\u0142o nam si\u0119 \u015bwi\u0119towa\u0107 wraz z rodzinami \u00a028 lat istnienia CED.\u00a0 Rozpiera nas duma i rado\u015b\u0107 z tego faktu.\" href=\"https:\/\/ced.edu.pl\/brodnica\/portfolios\/udalo-nam-sie-swietowac-wraz-z-rodzinami-28-lat-istnienia-ced-rozpiera-nas-duma-i-radosc-z-tego-faktu\/\"> <span class=\"fas fa-link\"> <\/span> <\/a>\r\n\t\t\t\t\t\t\t<a title=\"Uda\u0142o nam si\u0119 \u015bwi\u0119towa\u0107 wraz z rodzinami \u00a028 lat istnienia CED.\u00a0 Rozpiera nas duma i rado\u015b\u0107 z tego faktu.\" data-gal=\"prettyPhoto[dtgallery]\" href=\"https:\/\/ced.edu.pl\/brodnica\/wp-content\/uploads\/sites\/3\/2024\/07\/Podziekowanie-e1757419916934.jpg\"> <span class=\"fas fa-search\"> <\/span> <\/a>\r\n\t\t\t\t\t\t<\/div>\r\n\t\t\t\t\t\t<div class=\"dtportfolio-image-overlay-details\">\r\n\t\t\t\t\t\t\t<h2><a href=\"https:\/\/ced.edu.pl\/brodnica\/portfolios\/udalo-nam-sie-swietowac-wraz-z-rodzinami-28-lat-istnienia-ced-rozpiera-nas-duma-i-radosc-z-tego-faktu\/\" title=\"Uda\u0142o nam si\u0119 \u015bwi\u0119towa\u0107 wraz z rodzinami \u00a028 lat istnienia CED.\u00a0 Rozpiera nas duma i rado\u015b\u0107 z tego faktu.\">Uda\u0142o nam si\u0119 \u015bwi\u0119towa\u0107 wraz z rodzinami \u00a028 lat istnienia CED.\u00a0 Rozpiera nas duma i rado\u015b\u0107 z tego faktu.<\/a><\/h2><p class=\"categories\"><a href=\"https:\/\/ced.edu.pl\/brodnica\/portfolio-categories\/szkola\/\" rel=\"tag\">Szko\u0142a<\/a><\/p><\/div><\/div><\/figure><\/div><div class=\"default with-space  dtportfolio-item dtportfolio-column dtportfolio-one-third dtportfolio-hover-minimal-icons\" ><figure><img decoding=\"async\" src=\"https:\/\/ced.edu.pl\/brodnica\/wp-content\/uploads\/sites\/3\/2025\/01\/UWAGA-Nabor-na-sesje-wiosenna-dobiega-konca.-Spiesz-sie-Zostaly-oststnie-wolne-miejsca.jpg\" alt=\"\" title=\"\" \/><div class=\"dtportfolio-image-overlay \"  ><div class=\"links\">\r\n\t\t\t\t\t\t\t<a title=\"\" href=\"https:\/\/ced.edu.pl\/brodnica\/portfolios\/26372\/\"> <span class=\"fas fa-link\"> <\/span> <\/a>\r\n\t\t\t\t\t\t\t<a title=\"\" data-gal=\"prettyPhoto[dtgallery]\" href=\"https:\/\/ced.edu.pl\/brodnica\/wp-content\/uploads\/sites\/3\/2025\/01\/UWAGA-Nabor-na-sesje-wiosenna-dobiega-konca.-Spiesz-sie-Zostaly-oststnie-wolne-miejsca.jpg\"> <span class=\"fas fa-search\"> <\/span> <\/a>\r\n\t\t\t\t\t\t<\/div>\r\n\t\t\t\t\t\t<div class=\"dtportfolio-image-overlay-details\">\r\n\t\t\t\t\t\t\t<h2><a href=\"https:\/\/ced.edu.pl\/brodnica\/portfolios\/26372\/\" title=\"\"><\/a><\/h2><p class=\"categories\"><a href=\"https:\/\/ced.edu.pl\/brodnica\/portfolio-categories\/szkola\/\" rel=\"tag\">Szko\u0142a<\/a><\/p><\/div><\/div><\/figure><\/div><div class=\"default with-space  dtportfolio-item dtportfolio-column dtportfolio-one-third dtportfolio-hover-minimal-icons first\" ><figure><img decoding=\"async\" src=\"https:\/\/ced.edu.pl\/brodnica\/wp-content\/uploads\/sites\/3\/2024\/07\/442488700_3357065511263248_4653120429565758572_n.jpg\" alt=\"TERAPEUTA ZAJ\u0118CIOWY W BRODNICY                 NAB\u00d3R TRWA !\" title=\"TERAPEUTA ZAJ\u0118CIOWY W BRODNICY                 NAB\u00d3R TRWA !\" \/><div class=\"dtportfolio-image-overlay \"  ><div class=\"links\">\r\n\t\t\t\t\t\t\t<a title=\"TERAPEUTA ZAJ\u0118CIOWY W BRODNICY                 NAB\u00d3R TRWA !\" href=\"https:\/\/ced.edu.pl\/brodnica\/portfolios\/terapeuta-zajeciowy-w-brodnicy-nabor-trwa\/\"> <span class=\"fas fa-link\"> <\/span> <\/a>\r\n\t\t\t\t\t\t\t<a title=\"TERAPEUTA ZAJ\u0118CIOWY W BRODNICY                 NAB\u00d3R TRWA !\" data-gal=\"prettyPhoto[dtgallery]\" href=\"https:\/\/ced.edu.pl\/brodnica\/wp-content\/uploads\/sites\/3\/2024\/07\/442488700_3357065511263248_4653120429565758572_n.jpg\"> <span class=\"fas fa-search\"> <\/span> <\/a>\r\n\t\t\t\t\t\t<\/div>\r\n\t\t\t\t\t\t<div class=\"dtportfolio-image-overlay-details\">\r\n\t\t\t\t\t\t\t<h2><a href=\"https:\/\/ced.edu.pl\/brodnica\/portfolios\/terapeuta-zajeciowy-w-brodnicy-nabor-trwa\/\" title=\"TERAPEUTA ZAJ\u0118CIOWY W BRODNICY                 NAB\u00d3R TRWA !\">TERAPEUTA ZAJ\u0118CIOWY W BRODNICY                 NAB\u00d3R TRWA !<\/a><\/h2><p class=\"categories\"><a href=\"https:\/\/ced.edu.pl\/brodnica\/portfolio-categories\/pracownia-terapeuty-zajeciowego\/\" rel=\"tag\">Pracownia Terapeuty Zaj\u0119ciowego<\/a><\/p><\/div><\/div><\/figure><\/div><div class=\"default with-space  dtportfolio-item dtportfolio-column dtportfolio-one-third dtportfolio-hover-minimal-icons\" ><figure><img decoding=\"async\" src=\"https:\/\/ced.edu.pl\/brodnica\/wp-content\/uploads\/sites\/3\/2024\/03\/Zolty-Prosty-Kolaz-Post-na-Facebooku-2.jpg\" alt=\"Pracownia Terapeuty Zaj\u0119ciowego\" title=\"Pracownia Terapeuty Zaj\u0119ciowego\" \/><div class=\"dtportfolio-image-overlay \"  ><div class=\"links\">\r\n\t\t\t\t\t\t\t<a title=\"Pracownia Terapeuty Zaj\u0119ciowego\" href=\"https:\/\/ced.edu.pl\/brodnica\/portfolios\/26026\/\"> <span class=\"fas fa-link\"> <\/span> <\/a>\r\n\t\t\t\t\t\t\t<a title=\"Pracownia Terapeuty Zaj\u0119ciowego\" data-gal=\"prettyPhoto[dtgallery]\" href=\"https:\/\/ced.edu.pl\/brodnica\/wp-content\/uploads\/sites\/3\/2024\/03\/Zolty-Prosty-Kolaz-Post-na-Facebooku-2.jpg\"> <span class=\"fas fa-search\"> <\/span> <\/a>\r\n\t\t\t\t\t\t<\/div>\r\n\t\t\t\t\t\t<div class=\"dtportfolio-image-overlay-details\">\r\n\t\t\t\t\t\t\t<h2><a href=\"https:\/\/ced.edu.pl\/brodnica\/portfolios\/26026\/\" title=\"Pracownia Terapeuty Zaj\u0119ciowego\">Pracownia Terapeuty Zaj\u0119ciowego<\/a><\/h2><p class=\"categories\"><a href=\"https:\/\/ced.edu.pl\/brodnica\/portfolio-categories\/pracownia-terapeuty-zajeciowego\/\" rel=\"tag\">Pracownia Terapeuty Zaj\u0119ciowego<\/a><\/p><\/div><\/div><\/figure><\/div><div class=\"default with-space  dtportfolio-item dtportfolio-column dtportfolio-one-third dtportfolio-grid-sizer-2 dtportfolio-hover-minimal-icons\" ><figure><img decoding=\"async\" src=\"https:\/\/ced.edu.pl\/brodnica\/wp-content\/uploads\/sites\/3\/2023\/08\/342361836_671487814744126_5087563565695396055_n.jpg\" alt=\"Szkolenie &#8222;AVON&#8221; dla kierunku Technik Us\u0142ug Kosmetycznych\" title=\"Szkolenie &#8222;AVON&#8221; dla kierunku Technik Us\u0142ug Kosmetycznych\" \/><div class=\"dtportfolio-image-overlay \"  ><div class=\"links\">\r\n\t\t\t\t\t\t\t<a title=\"Szkolenie &#8222;AVON&#8221; dla kierunku Technik Us\u0142ug Kosmetycznych\" href=\"https:\/\/ced.edu.pl\/brodnica\/portfolios\/szkolenie-avon-dla-kierunku-technik-uslug-kosmetycznych\/\"> <span class=\"fas fa-link\"> <\/span> <\/a>\r\n\t\t\t\t\t\t\t<a title=\"Szkolenie &#8222;AVON&#8221; dla kierunku Technik Us\u0142ug Kosmetycznych\" data-gal=\"prettyPhoto[dtgallery]\" href=\"https:\/\/ced.edu.pl\/brodnica\/wp-content\/uploads\/sites\/3\/2023\/08\/342361836_671487814744126_5087563565695396055_n.jpg\"> <span class=\"fas fa-search\"> <\/span> <\/a>\r\n\t\t\t\t\t\t<\/div>\r\n\t\t\t\t\t\t<div class=\"dtportfolio-image-overlay-details\">\r\n\t\t\t\t\t\t\t<h2><a href=\"https:\/\/ced.edu.pl\/brodnica\/portfolios\/szkolenie-avon-dla-kierunku-technik-uslug-kosmetycznych\/\" title=\"Szkolenie &#8222;AVON&#8221; dla kierunku Technik Us\u0142ug Kosmetycznych\">Szkolenie &#8222;AVON&#8221; dla kierunku Technik Us\u0142ug Kosmetycznych<\/a><\/h2><p class=\"categories\"><a href=\"https:\/\/ced.edu.pl\/brodnica\/portfolio-categories\/szkolenie-avon\/\" rel=\"tag\">Szkolenie AVON<\/a><\/p><\/div><\/div><\/figure><\/div><div class=\"default with-space  dtportfolio-item dtportfolio-column dtportfolio-one-third dtportfolio-hover-minimal-icons first\" ><figure><img decoding=\"async\" src=\"https:\/\/ced.edu.pl\/brodnica\/wp-content\/uploads\/sites\/3\/2023\/01\/325282513_708783080938640_3787114736379030677_n.jpg\" alt=\"Pracownia zaj\u0119\u0107 praktycznych &#8211; Opiekun Medyczny 2023 r.\" title=\"Pracownia zaj\u0119\u0107 praktycznych &#8211; Opiekun Medyczny 2023 r.\" \/><div class=\"dtportfolio-image-overlay \"  ><div class=\"links\">\r\n\t\t\t\t\t\t\t<a title=\"Pracownia zaj\u0119\u0107 praktycznych &#8211; Opiekun Medyczny 2023 r.\" href=\"https:\/\/ced.edu.pl\/brodnica\/portfolios\/pracownia-zajec-praktycznych-opiekun-medyczny-2023-r\/\"> <span class=\"fas fa-link\"> <\/span> <\/a>\r\n\t\t\t\t\t\t\t<a title=\"Pracownia zaj\u0119\u0107 praktycznych &#8211; Opiekun Medyczny 2023 r.\" data-gal=\"prettyPhoto[dtgallery]\" href=\"https:\/\/ced.edu.pl\/brodnica\/wp-content\/uploads\/sites\/3\/2023\/01\/325282513_708783080938640_3787114736379030677_n.jpg\"> <span class=\"fas fa-search\"> <\/span> <\/a>\r\n\t\t\t\t\t\t<\/div>\r\n\t\t\t\t\t\t<div class=\"dtportfolio-image-overlay-details\">\r\n\t\t\t\t\t\t\t<h2><a href=\"https:\/\/ced.edu.pl\/brodnica\/portfolios\/pracownia-zajec-praktycznych-opiekun-medyczny-2023-r\/\" title=\"Pracownia zaj\u0119\u0107 praktycznych &#8211; Opiekun Medyczny 2023 r.\">Pracownia zaj\u0119\u0107 praktycznych &#8211; Opiekun Medyczny 2023 r.<\/a><\/h2><p class=\"categories\"><a href=\"https:\/\/ced.edu.pl\/brodnica\/portfolio-categories\/pracownia-opiekuna-medycznego\/\" rel=\"tag\">Pracownia opiekuna medycznego<\/a><\/p><\/div><\/div><\/figure><\/div><div class=\"default with-space  dtportfolio-item dtportfolio-column dtportfolio-one-third dtportfolio-hover-minimal-icons\" ><figure><img decoding=\"async\" src=\"https:\/\/ced.edu.pl\/brodnica\/wp-content\/uploads\/sites\/3\/2023\/01\/opiekun-zdjecie.jpg\" alt=\"UZUPE\u0141NIAJ\u0104CY KURS KWALIFIKACYJNY              DLA OPIEKUN\u00d3W MEDYCZNYCH\" title=\"UZUPE\u0141NIAJ\u0104CY KURS KWALIFIKACYJNY              DLA OPIEKUN\u00d3W MEDYCZNYCH\" \/><div class=\"dtportfolio-image-overlay \"  ><div class=\"links\">\r\n\t\t\t\t\t\t\t<a title=\"UZUPE\u0141NIAJ\u0104CY KURS KWALIFIKACYJNY              DLA OPIEKUN\u00d3W MEDYCZNYCH\" href=\"https:\/\/ced.edu.pl\/brodnica\/portfolios\/uzupelniajacy-kurs-kwalifikacyjny-dla-opiekunow-medycznych\/\"> <span class=\"fas fa-link\"> <\/span> <\/a>\r\n\t\t\t\t\t\t\t<a title=\"UZUPE\u0141NIAJ\u0104CY KURS KWALIFIKACYJNY              DLA OPIEKUN\u00d3W MEDYCZNYCH\" data-gal=\"prettyPhoto[dtgallery]\" href=\"https:\/\/ced.edu.pl\/brodnica\/wp-content\/uploads\/sites\/3\/2023\/01\/opiekun-zdjecie.jpg\"> <span class=\"fas fa-search\"> <\/span> <\/a>\r\n\t\t\t\t\t\t<\/div>\r\n\t\t\t\t\t\t<div class=\"dtportfolio-image-overlay-details\">\r\n\t\t\t\t\t\t\t<h2><a href=\"https:\/\/ced.edu.pl\/brodnica\/portfolios\/uzupelniajacy-kurs-kwalifikacyjny-dla-opiekunow-medycznych\/\" title=\"UZUPE\u0141NIAJ\u0104CY KURS KWALIFIKACYJNY              DLA OPIEKUN\u00d3W MEDYCZNYCH\">UZUPE\u0141NIAJ\u0104CY KURS KWALIFIKACYJNY              DLA OPIEKUN\u00d3W MEDYCZNYCH<\/a><\/h2><p class=\"categories\"><a href=\"https:\/\/ced.edu.pl\/brodnica\/portfolio-categories\/uzupelniajacy-kurs-kwalifikacyjny-opiekun-medyczny\/\" rel=\"tag\">UZUPE\u0141NIAJ\u0104CY KURS KWALIFIKACYJNY - OPIEKUN MEDYCZNY<\/a><\/p><\/div><\/div><\/figure><\/div><div class=\"default with-space  dtportfolio-item dtportfolio-column dtportfolio-one-third dtportfolio-hover-minimal-icons\" ><figure><img decoding=\"async\" src=\"https:\/\/ced.edu.pl\/brodnica\/wp-content\/uploads\/sites\/3\/2022\/05\/DSC_2603-1.jpg\" alt=\"Technik masa\u017cysta rocznik 2020-2022\" title=\"Technik masa\u017cysta rocznik 2020-2022\" \/><div class=\"dtportfolio-image-overlay \"  ><div class=\"links\">\r\n\t\t\t\t\t\t\t<a title=\"Technik masa\u017cysta rocznik 2020-2022\" href=\"https:\/\/ced.edu.pl\/brodnica\/portfolios\/technik-masazysta-rocznik-2020-2022-3\/\"> <span class=\"fas fa-link\"> <\/span> <\/a>\r\n\t\t\t\t\t\t\t<a title=\"Technik masa\u017cysta rocznik 2020-2022\" data-gal=\"prettyPhoto[dtgallery]\" href=\"https:\/\/ced.edu.pl\/brodnica\/wp-content\/uploads\/sites\/3\/2022\/05\/DSC_2603-1.jpg\"> <span class=\"fas fa-search\"> <\/span> <\/a>\r\n\t\t\t\t\t\t<\/div>\r\n\t\t\t\t\t\t<div class=\"dtportfolio-image-overlay-details\">\r\n\t\t\t\t\t\t\t<h2><a href=\"https:\/\/ced.edu.pl\/brodnica\/portfolios\/technik-masazysta-rocznik-2020-2022-3\/\" title=\"Technik masa\u017cysta rocznik 2020-2022\">Technik masa\u017cysta rocznik 2020-2022<\/a><\/h2><p class=\"categories\"><a href=\"https:\/\/ced.edu.pl\/brodnica\/portfolio-categories\/technik-masazysta-2020-2022\/\" rel=\"tag\">TECHNIK MASA\u017bYSTA 2020-2022<\/a><\/p><\/div><\/div><\/figure><\/div><div class=\"default with-space  dtportfolio-item dtportfolio-column dtportfolio-one-third dtportfolio-hover-minimal-icons first\" ><figure><img decoding=\"async\" src=\"https:\/\/ced.edu.pl\/brodnica\/wp-content\/uploads\/sites\/3\/2022\/01\/opiekun-medyczny-scaled.jpg\" alt=\"Pracownia opiekuna medycznego\" title=\"Pracownia opiekuna medycznego\" \/><div class=\"dtportfolio-image-overlay \"  ><div class=\"links\">\r\n\t\t\t\t\t\t\t<a title=\"Pracownia opiekuna medycznego\" href=\"https:\/\/ced.edu.pl\/brodnica\/portfolios\/pracownia-opiekuna-medycznego\/\"> <span class=\"fas fa-link\"> <\/span> <\/a>\r\n\t\t\t\t\t\t\t<a title=\"Pracownia opiekuna medycznego\" data-gal=\"prettyPhoto[dtgallery]\" href=\"https:\/\/ced.edu.pl\/brodnica\/wp-content\/uploads\/sites\/3\/2022\/01\/opiekun-medyczny-scaled.jpg\"> <span class=\"fas fa-search\"> <\/span> <\/a>\r\n\t\t\t\t\t\t<\/div>\r\n\t\t\t\t\t\t<div class=\"dtportfolio-image-overlay-details\">\r\n\t\t\t\t\t\t\t<h2><a href=\"https:\/\/ced.edu.pl\/brodnica\/portfolios\/pracownia-opiekuna-medycznego\/\" title=\"Pracownia opiekuna medycznego\">Pracownia opiekuna medycznego<\/a><\/h2><p class=\"categories\"><a href=\"https:\/\/ced.edu.pl\/brodnica\/portfolio-categories\/pracownia-opiekuna-medycznego\/\" rel=\"tag\">Pracownia opiekuna medycznego<\/a><\/p><\/div><\/div><\/figure><\/div><div class=\"default with-space  dtportfolio-item dtportfolio-column dtportfolio-one-third dtportfolio-hover-minimal-icons\" ><figure><img decoding=\"async\" src=\"https:\/\/ced.edu.pl\/brodnica\/wp-content\/uploads\/sites\/3\/2022\/01\/masazysta.jpg\" alt=\"Pracownia masa\u017cu\" title=\"Pracownia masa\u017cu\" \/><div class=\"dtportfolio-image-overlay \"  ><div class=\"links\">\r\n\t\t\t\t\t\t\t<a title=\"Pracownia masa\u017cu\" href=\"https:\/\/ced.edu.pl\/brodnica\/portfolios\/pracownia-masazu\/\"> <span class=\"fas fa-link\"> <\/span> <\/a>\r\n\t\t\t\t\t\t\t<a title=\"Pracownia masa\u017cu\" data-gal=\"prettyPhoto[dtgallery]\" href=\"https:\/\/ced.edu.pl\/brodnica\/wp-content\/uploads\/sites\/3\/2022\/01\/masazysta.jpg\"> <span class=\"fas fa-search\"> <\/span> <\/a>\r\n\t\t\t\t\t\t<\/div>\r\n\t\t\t\t\t\t<div class=\"dtportfolio-image-overlay-details\">\r\n\t\t\t\t\t\t\t<h2><a href=\"https:\/\/ced.edu.pl\/brodnica\/portfolios\/pracownia-masazu\/\" title=\"Pracownia masa\u017cu\">Pracownia masa\u017cu<\/a><\/h2><p class=\"categories\"><a href=\"https:\/\/ced.edu.pl\/brodnica\/portfolio-categories\/pracownia-masazu\/\" rel=\"tag\">Pracownia masa\u017cu<\/a><\/p><\/div><\/div><\/figure><\/div><div class=\"default with-space  dtportfolio-item dtportfolio-column dtportfolio-one-third dtportfolio-hover-minimal-icons\" ><figure><img decoding=\"async\" src=\"https:\/\/ced.edu.pl\/brodnica\/wp-content\/uploads\/sites\/3\/2019\/09\/ced.png\" alt=\"Szko\u0142a\" title=\"Szko\u0142a\" \/><div class=\"dtportfolio-image-overlay \"  ><div class=\"links\">\r\n\t\t\t\t\t\t\t<a title=\"Szko\u0142a\" href=\"https:\/\/ced.edu.pl\/brodnica\/portfolios\/szkola\/\"> <span class=\"fas fa-link\"> <\/span> <\/a>\r\n\t\t\t\t\t\t\t<a title=\"Szko\u0142a\" data-gal=\"prettyPhoto[dtgallery]\" href=\"https:\/\/ced.edu.pl\/brodnica\/wp-content\/uploads\/sites\/3\/2019\/09\/ced.png\"> <span class=\"fas fa-search\"> <\/span> <\/a>\r\n\t\t\t\t\t\t<\/div>\r\n\t\t\t\t\t\t<div class=\"dtportfolio-image-overlay-details\">\r\n\t\t\t\t\t\t\t<h2><a href=\"https:\/\/ced.edu.pl\/brodnica\/portfolios\/szkola\/\" title=\"Szko\u0142a\">Szko\u0142a<\/a><\/h2><p class=\"categories\"><a href=\"https:\/\/ced.edu.pl\/brodnica\/portfolio-categories\/szkola\/\" rel=\"tag\">Szko\u0142a<\/a><\/p><\/div><\/div><\/figure><\/div><\/div><\/div><div class=\"dtportfolio-fullwidth-wrapper-fix\"><\/div>\t\t<\/div>\n\t\t\t\t<\/div>\n\t\t\t\t\t\t<\/div>\n\t\t\t\t\t<\/div>\n\t\t<\/div>\n\t\t\t\t\t\t\t\t<\/div>\n\t\t\t\t\t<\/div>\n\t\t<\/section>\n\t\t\t\t\t\t\t\t\t<\/div>\n\t\t\t<\/div>\n\t\t\t\t\t<\/div>\n\t\t","protected":false},"excerpt":{"rendered":"<p>Test Pracownia masa\u017cu Technik masa\u017cysta rocznik 2020-2022 TECHNIK MASA\u017bYSTA 2020-2022 Pracownia opiekuna medycznego Pracownia opiekuna medycznego Pracownia masa\u017cu Pracownia masa\u017cu Szko\u0142a Szko\u0142a<\/p>\n","protected":false},"author":1,"featured_media":0,"parent":0,"menu_order":0,"comment_status":"closed","ping_status":"closed","template":"","meta":{"footnotes":""},"class_list":["post-12206","page","type-page","status-publish","hentry"],"_links":{"self":[{"href":"https:\/\/ced.edu.pl\/brodnica\/wp-json\/wp\/v2\/pages\/12206","targetHints":{"allow":["GET"]}}],"collection":[{"href":"https:\/\/ced.edu.pl\/brodnica\/wp-json\/wp\/v2\/pages"}],"about":[{"href":"https:\/\/ced.edu.pl\/brodnica\/wp-json\/wp\/v2\/types\/page"}],"author":[{"embeddable":true,"href":"https:\/\/ced.edu.pl\/brodnica\/wp-json\/wp\/v2\/users\/1"}],"replies":[{"embeddable":true,"href":"https:\/\/ced.edu.pl\/brodnica\/wp-json\/wp\/v2\/comments?post=12206"}],"version-history":[{"count":13,"href":"https:\/\/ced.edu.pl\/brodnica\/wp-json\/wp\/v2\/pages\/12206\/revisions"}],"predecessor-version":[{"id":25602,"href":"https:\/\/ced.edu.pl\/brodnica\/wp-json\/wp\/v2\/pages\/12206\/revisions\/25602"}],"wp:attachment":[{"href":"https:\/\/ced.edu.pl\/brodnica\/wp-json\/wp\/v2\/media?parent=12206"}],"curies":[{"name":"wp","href":"https:\/\/api.w.org\/{rel}","templated":true}]}}